{"id":689,"date":"2021-09-14T08:16:24","date_gmt":"2021-09-14T07:16:24","guid":{"rendered":"https:\/\/www.aptitude-informatique.fr\/?page_id=689"},"modified":"2021-09-14T08:25:22","modified_gmt":"2021-09-14T07:25:22","slug":"inititation-adobe-illustrator","status":"publish","type":"page","link":"https:\/\/www.aptitude-informatique.fr\/index.php\/formations\/nos-formations\/inititation-adobe-illustrator\/","title":{"rendered":"Inititation Adobe Illustrator"},"content":{"rendered":"<div class=\"colonnes\">\n<div class=\"clearfix\">\n<div class=\"colgauche\">\n<p class=\"boutons\"><a href=\"https:\/\/www.aptitude-informatique.fr\/wp-content\/uploads\/plansite\/Initiation-Illustrator.pdf\" target=\"_blank\" class=\"Team\" rel=\"noopener noreferrer\">Telecharger le PDF<\/a><\/p>\n<p><\/p>\n<div class=\"blg\">\n<h4>Tarifs<\/h4>\n<p>Intra \u00e0 partir de 1400 \u20ac<\/p>\n<\/p><\/div>\n<div class=\"blg\">\n<h4>Public cibl\u00e9<\/h4>\n<p>Tout public<\/p>\n<\/p><\/div>\n<div class=\"blg\">\n<h4>Niveau requis<\/h4>\n<p>Connaissances de l&rsquo;environnement Windows<\/p>\n<\/p><\/div>\n<div class=\"blg\">\n<h4>Objectifs formation<\/h4>\n<p>Cr\u00e9er des illustrations vectorielles pr\u00e9cises (concevoir des logos, des cartes, dessins \u2026)<\/p>\n<\/p><\/div>\n<div class=\"blg\">\n<h4>Moyens p\u00e9dagogiques<\/h4>\n<p>\u2022 Grilles d\u2018\u00e9valuation de niveau.<br \/>\n\t\t\u2022 Formateurs avec une exp\u00e9riences professionnelles et des comp\u00e9tences p\u00e9dagogiques<br \/>\n\t\t\u2022 6 personnes maximum \/ stage<br \/>\n\t\t\u2022 1 ordinateur par personne<br \/>\n\t\t\u2022 Chaque notion est expliqu\u00e9e au tableau et suivie imm\u00e9diatement d\u2019un exercice pratique.<br \/>\n\t\t\u2022 Les exercices \u00e9voluent en difficult\u00e9 au fur et \u00e0 mesure du stage.<br \/>\n\t\t\u2022 Un support de cours sera remis \u00e0 chaque participant en fin de formation.<br \/>\n\t\t\u2022 Assistance t\u00e9l\u00e9phonique gratuite.<\/p>\n<\/p><\/div>\n<div class=\"blg\">\n<h4>Dur\u00e9e de la formation<\/h4>\n<p>De 21h \u00e0 35 heures<\/p>\n<\/p><\/div>\n<div class=\"blg\">\n<h4>Contact<\/h4>\n<h3>APTITUDE INFORMATIQUE<\/h3>\n<p>22 rue du Bignon &#8211; 35000 &#8211; RENNES<\/p>\n<p>02 99 26 31 57<\/p>\n<p>contact@aptitude-informatique.fr<\/p>\n<\/p><\/div>\n<div class=\"blg\">\n<h4>D\u00e9lai d\u2019acceptation<\/h4>\n<p>Mise en place de vos cours d\u00e8s acceptation du financement.<\/p>\n<\/p><\/div>\n<div class=\"blg\">\n<h4>Accessibilit\u00e9 Handicap\u00e9<\/h4>\n<p>Conditions d\u2019accueil et d\u2019acc\u00e8s au public en situation d\u2019 handicap en fonction du lieu d&rsquo;accueil du client.<\/p>\n<\/p><\/div>\n<\/p><\/div>\n<div class=\"coldroite\">\n<h4>D\u00e9couverte du logiciel<\/h4>\n<p>Dessin vectoriel et images<br \/>\n\tInterface du logiciel<\/p>\n<h4>Gestion d\u2019un projet Illustrator<\/h4>\n<p>Cr\u00e9ation d\u2019un document et Gestion des plans de travail<br \/>\n\tLes aides visuelles (r\u00e8gles, rep\u00e8res, grilles)<\/p>\n<h4>Utiliser les outils de dessin<\/h4>\n<p>Le trac\u00e9 \u00e0 la plume et outils vectoriels associ\u00e9s<br \/>\n\tLes formes g\u00e9om\u00e9triques<br \/>\n\tLes autres outils (pinceau, crayon,\u2026)<br \/>\n\tLes outils d\u2019effacement (gomme, ciseaux, cutter)<\/p>\n<h4>Gestion des trac\u00e9s<\/h4>\n<p>Modes de s\u00e9lection, copie et duplication d\u2019objets<br \/>\n\tTransformation d\u2019un trac\u00e9<\/p>\n<h4>Les effets sp\u00e9ciaux<\/h4>\n<p>Gestion des filtres et effets<br \/>\n\tAspects d\u2019un trac\u00e9<\/p>\n<h4>Fusion et d\u00e9composition d\u2019objets<\/h4>\n<p>Utilisation de l\u2019outil concepteur de formes<\/p>\n<h4>Les nuances<\/h4>\n<p>Choix, mode et sauvegarde des couleurs<br \/>\n\tPanneau contour et outil pipette<br \/>\n\tGestion des nuances (couleur, d\u00e9grad\u00e9, motif)<\/p>\n<h4>Les calques<\/h4>\n<p>Gestion et modifications des calques<br \/>\n\tGestion des objets \u00e0 travers les calques<\/p>\n<h4>Vectorisation d\u2019une image<\/h4>\n<p>Choix et possibilit\u00e9s<br \/>\n\tLe texte : les techniques de base<\/p>\n<h4>Formats d\u2019enregistrement<\/h4>\n<p>Format natif, Pdf, web, impression<\/p>\n<\/div>\n<\/div>\n<\/div>\n","protected":false},"excerpt":{"rendered":"<p>Telecharger le PDF Tarifs Intra \u00e0 partir de 1400 \u20ac Public cibl\u00e9 Tout public Niveau requis Connaissances de l&rsquo;environnement Windows Objectifs formation Cr\u00e9er des illustrations vectorielles pr\u00e9cises (concevoir des logos, des cartes, dessins \u2026) Moyens p\u00e9dagogiques \u2022 Grilles d\u2018\u00e9valuation de niveau. \u2022 Formateurs avec une exp\u00e9riences professionnelles et des comp\u00e9tences p\u00e9dagogiques \u2022 6 personnes maximum<br \/><a class=\"moretag\" href=\"https:\/\/www.aptitude-informatique.fr\/index.php\/formations\/nos-formations\/inititation-adobe-illustrator\/\">+ Read More<\/a><\/p>\n","protected":false},"author":2,"featured_media":0,"parent":508,"menu_order":0,"comment_status":"closed","ping_status":"closed","template":"","meta":{"jetpack_post_was_ever_published":false,"footnotes":""},"class_list":["post-689","page","type-page","status-publish","hentry"],"yoast_head":"<!-- This site is optimized with the Yoast SEO plugin v23.4 - https:\/\/yoast.com\/wordpress\/plugins\/seo\/ -->\n<title>Inititation Adobe Illustrator - APTITUDE INFORMATIQUE<\/title>\n<meta name=\"robots\" content=\"noindex, nofollow\" \/>\n<meta property=\"og:locale\" content=\"fr_FR\" \/>\n<meta property=\"og:type\" content=\"article\" \/>\n<meta property=\"og:title\" content=\"Inititation Adobe Illustrator - APTITUDE INFORMATIQUE\" \/>\n<meta property=\"og:description\" content=\"Telecharger le PDF Tarifs Intra \u00e0 partir de 1400 \u20ac Public cibl\u00e9 Tout public Niveau requis Connaissances de l&rsquo;environnement Windows Objectifs formation Cr\u00e9er des illustrations vectorielles pr\u00e9cises (concevoir des logos, des cartes, dessins \u2026) Moyens p\u00e9dagogiques \u2022 Grilles d\u2018\u00e9valuation de niveau. \u2022 Formateurs avec une exp\u00e9riences professionnelles et des comp\u00e9tences p\u00e9dagogiques \u2022 6 personnes maximum+ Read More\" \/>\n<meta property=\"og:url\" content=\"https:\/\/www.aptitude-informatique.fr\/index.php\/formations\/nos-formations\/inititation-adobe-illustrator\/\" \/>\n<meta property=\"og:site_name\" content=\"APTITUDE INFORMATIQUE\" \/>\n<meta property=\"article:modified_time\" content=\"2021-09-14T07:25:22+00:00\" \/>\n<meta name=\"twitter:card\" content=\"summary_large_image\" \/>\n<meta name=\"twitter:label1\" content=\"Dur\u00e9e de lecture estim\u00e9e\" \/>\n\t<meta name=\"twitter:data1\" content=\"2 minutes\" \/>\n<script type=\"application\/ld+json\" class=\"yoast-schema-graph\">{\"@context\":\"https:\/\/schema.org\",\"@graph\":[{\"@type\":\"WebPage\",\"@id\":\"https:\/\/www.aptitude-informatique.fr\/index.php\/formations\/nos-formations\/inititation-adobe-illustrator\/\",\"url\":\"https:\/\/www.aptitude-informatique.fr\/index.php\/formations\/nos-formations\/inititation-adobe-illustrator\/\",\"name\":\"Inititation Adobe Illustrator - APTITUDE INFORMATIQUE\",\"isPartOf\":{\"@id\":\"https:\/\/www.aptitude-informatique.fr\/#website\"},\"datePublished\":\"2021-09-14T07:16:24+00:00\",\"dateModified\":\"2021-09-14T07:25:22+00:00\",\"breadcrumb\":{\"@id\":\"https:\/\/www.aptitude-informatique.fr\/index.php\/formations\/nos-formations\/inititation-adobe-illustrator\/#breadcrumb\"},\"inLanguage\":\"fr-FR\",\"potentialAction\":[{\"@type\":\"ReadAction\",\"target\":[\"https:\/\/www.aptitude-informatique.fr\/index.php\/formations\/nos-formations\/inititation-adobe-illustrator\/\"]}]},{\"@type\":\"BreadcrumbList\",\"@id\":\"https:\/\/www.aptitude-informatique.fr\/index.php\/formations\/nos-formations\/inititation-adobe-illustrator\/#breadcrumb\",\"itemListElement\":[{\"@type\":\"ListItem\",\"position\":1,\"name\":\"Accueil\",\"item\":\"https:\/\/www.aptitude-informatique.fr\/\"},{\"@type\":\"ListItem\",\"position\":2,\"name\":\"Formations\",\"item\":\"https:\/\/www.aptitude-informatique.fr\/index.php\/formations\/\"},{\"@type\":\"ListItem\",\"position\":3,\"name\":\"Nos formations\",\"item\":\"https:\/\/www.aptitude-informatique.fr\/index.php\/formations\/nos-formations\/\"},{\"@type\":\"ListItem\",\"position\":4,\"name\":\"Inititation Adobe Illustrator\"}]},{\"@type\":\"WebSite\",\"@id\":\"https:\/\/www.aptitude-informatique.fr\/#website\",\"url\":\"https:\/\/www.aptitude-informatique.fr\/\",\"name\":\"APTITUDE INFORMATIQUE\",\"description\":\"Conseil - Formation - Cr\u00e9ation\",\"potentialAction\":[{\"@type\":\"SearchAction\",\"target\":{\"@type\":\"EntryPoint\",\"urlTemplate\":\"https:\/\/www.aptitude-informatique.fr\/?s={search_term_string}\"},\"query-input\":{\"@type\":\"PropertyValueSpecification\",\"valueRequired\":true,\"valueName\":\"search_term_string\"}}],\"inLanguage\":\"fr-FR\"}]}<\/script>\n<!-- \/ Yoast SEO plugin. -->","yoast_head_json":{"title":"Inititation Adobe Illustrator - APTITUDE INFORMATIQUE","robots":{"index":"noindex","follow":"nofollow"},"og_locale":"fr_FR","og_type":"article","og_title":"Inititation Adobe Illustrator - APTITUDE INFORMATIQUE","og_description":"Telecharger le PDF Tarifs Intra \u00e0 partir de 1400 \u20ac Public cibl\u00e9 Tout public Niveau requis Connaissances de l&rsquo;environnement Windows Objectifs formation Cr\u00e9er des illustrations vectorielles pr\u00e9cises (concevoir des logos, des cartes, dessins \u2026) Moyens p\u00e9dagogiques \u2022 Grilles d\u2018\u00e9valuation de niveau. \u2022 Formateurs avec une exp\u00e9riences professionnelles et des comp\u00e9tences p\u00e9dagogiques \u2022 6 personnes maximum+ Read More","og_url":"https:\/\/www.aptitude-informatique.fr\/index.php\/formations\/nos-formations\/inititation-adobe-illustrator\/","og_site_name":"APTITUDE INFORMATIQUE","article_modified_time":"2021-09-14T07:25:22+00:00","twitter_card":"summary_large_image","twitter_misc":{"Dur\u00e9e de lecture estim\u00e9e":"2 minutes"},"schema":{"@context":"https:\/\/schema.org","@graph":[{"@type":"WebPage","@id":"https:\/\/www.aptitude-informatique.fr\/index.php\/formations\/nos-formations\/inititation-adobe-illustrator\/","url":"https:\/\/www.aptitude-informatique.fr\/index.php\/formations\/nos-formations\/inititation-adobe-illustrator\/","name":"Inititation Adobe Illustrator - APTITUDE INFORMATIQUE","isPartOf":{"@id":"https:\/\/www.aptitude-informatique.fr\/#website"},"datePublished":"2021-09-14T07:16:24+00:00","dateModified":"2021-09-14T07:25:22+00:00","breadcrumb":{"@id":"https:\/\/www.aptitude-informatique.fr\/index.php\/formations\/nos-formations\/inititation-adobe-illustrator\/#breadcrumb"},"inLanguage":"fr-FR","potentialAction":[{"@type":"ReadAction","target":["https:\/\/www.aptitude-informatique.fr\/index.php\/formations\/nos-formations\/inititation-adobe-illustrator\/"]}]},{"@type":"BreadcrumbList","@id":"https:\/\/www.aptitude-informatique.fr\/index.php\/formations\/nos-formations\/inititation-adobe-illustrator\/#breadcrumb","itemListElement":[{"@type":"ListItem","position":1,"name":"Accueil","item":"https:\/\/www.aptitude-informatique.fr\/"},{"@type":"ListItem","position":2,"name":"Formations","item":"https:\/\/www.aptitude-informatique.fr\/index.php\/formations\/"},{"@type":"ListItem","position":3,"name":"Nos formations","item":"https:\/\/www.aptitude-informatique.fr\/index.php\/formations\/nos-formations\/"},{"@type":"ListItem","position":4,"name":"Inititation Adobe Illustrator"}]},{"@type":"WebSite","@id":"https:\/\/www.aptitude-informatique.fr\/#website","url":"https:\/\/www.aptitude-informatique.fr\/","name":"APTITUDE INFORMATIQUE","description":"Conseil - Formation - Cr\u00e9ation","potentialAction":[{"@type":"SearchAction","target":{"@type":"EntryPoint","urlTemplate":"https:\/\/www.aptitude-informatique.fr\/?s={search_term_string}"},"query-input":{"@type":"PropertyValueSpecification","valueRequired":true,"valueName":"search_term_string"}}],"inLanguage":"fr-FR"}]}},"jetpack_sharing_enabled":true,"jetpack_shortlink":"https:\/\/wp.me\/P7ibsz-b7","jetpack-related-posts":[],"_links":{"self":[{"href":"https:\/\/www.aptitude-informatique.fr\/index.php\/wp-json\/wp\/v2\/pages\/689"}],"collection":[{"href":"https:\/\/www.aptitude-informatique.fr\/index.php\/wp-json\/wp\/v2\/pages"}],"about":[{"href":"https:\/\/www.aptitude-informatique.fr\/index.php\/wp-json\/wp\/v2\/types\/page"}],"author":[{"embeddable":true,"href":"https:\/\/www.aptitude-informatique.fr\/index.php\/wp-json\/wp\/v2\/users\/2"}],"replies":[{"embeddable":true,"href":"https:\/\/www.aptitude-informatique.fr\/index.php\/wp-json\/wp\/v2\/comments?post=689"}],"version-history":[{"count":1,"href":"https:\/\/www.aptitude-informatique.fr\/index.php\/wp-json\/wp\/v2\/pages\/689\/revisions"}],"predecessor-version":[{"id":690,"href":"https:\/\/www.aptitude-informatique.fr\/index.php\/wp-json\/wp\/v2\/pages\/689\/revisions\/690"}],"up":[{"embeddable":true,"href":"https:\/\/www.aptitude-informatique.fr\/index.php\/wp-json\/wp\/v2\/pages\/508"}],"wp:attachment":[{"href":"https:\/\/www.aptitude-informatique.fr\/index.php\/wp-json\/wp\/v2\/media?parent=689"}],"curies":[{"name":"wp","href":"https:\/\/api.w.org\/{rel}","templated":true}]}}